{"id":76,"date":"2022-02-24T12:17:19","date_gmt":"2022-02-24T11:17:19","guid":{"rendered":"http:\/\/ecoliel.cluster028.hosting.ovh.net\/?page_id=76"},"modified":"2022-02-24T13:54:05","modified_gmt":"2022-02-24T12:54:05","slug":"structures-juridiques","status":"publish","type":"page","link":"https:\/\/ecolieu-art-terre.fr\/index.php\/structures-juridiques\/","title":{"rendered":"Structures juridiques"},"content":{"rendered":"\n<p class=\"has-text-align-center\"><strong>&#8211; L\u2019Association Art-terre<\/strong> comporte 2 commissions.<\/p>\n\n\n\n<p class=\"has-text-align-center\">\u00c9thique: s\u2019occupe du sens, de l\u2019esprit du projet \u00e0 court et long terme, des valeurs, de l\u2019\u00e9quilibre global, se r\u00e9f\u00e8re \u00e0 la charte et la raison d\u2019\u00eatre.<\/p>\n\n\n\n<p class=\"has-text-align-center\">Gouvernance (Choeur) : g\u00e8re la vie des r\u00e9sidents et du lieu au quotidien, les r\u00e8gles de vivre-ensemble et de fonctionnement, la maintenance des t\u00e2ches quotidiennes et des besoins mat\u00e9riels. Se r\u00e9f\u00e8re \u00e0 la charte et au r\u00e8glement int\u00e9rieur.<\/p>\n\n\n\n<p class=\"has-text-align-center\"><strong>&#8211; Art -Terre SAS<\/strong> est une Soci\u00e9t\u00e9 par Actions Simplifi\u00e9e. Elle g\u00e8re le financement (pr\u00eats, subventions,\u2026) et l\u2019\u00e9conomie du lieu (besoins mat\u00e9riels des r\u00e9sidents, moyens financiers pour les activit\u00e9s), g\u00e8re sur le plan comptable les loyers, les locations salles, les h\u00e9bergements et la restauration<\/p>\n\n\n\n<p class=\"has-text-align-center\"><strong>&#8211; L\u2019association Art-Chimistes<\/strong> g\u00e8re les activit\u00e9s culturelles du lieu, c\u2019est \u00e0 dire la programmation, l\u2019organisation pratique et la communication des activit\u00e9s sur le lieu. Ainsi elle favorise la cr\u00e9ation, met en r\u00e9seau les artistes, informe et forme sur l\u2019autonomie et le partage, et favorise conscience, reconnexion \u00e0 soi, \u00e0 l\u2019autre, et \u00e0 la nature.<\/p>\n","protected":false},"excerpt":{"rendered":"<p>&#8211; L\u2019Association Art-terre comporte 2 commissions. \u00c9thique: s\u2019occupe du sens, de l\u2019esprit du projet \u00e0 court et long terme, des valeurs, de l\u2019\u00e9quilibre global, se r\u00e9f\u00e8re \u00e0 la charte et&#8230;<\/p>\n","protected":false},"author":1,"featured_media":0,"parent":0,"menu_order":0,"comment_status":"closed","ping_status":"closed","template":"","meta":{"_EventAllDay":false,"_EventTimezone":"","_EventStartDate":"","_EventEndDate":"","_EventStartDateUTC":"","_EventEndDateUTC":"","_EventShowMap":false,"_EventShowMapLink":false,"_EventURL":"","_EventCost":"","_EventCostDescription":"","_EventCurrencySymbol":"","_EventCurrencyCode":"","_EventCurrencyPosition":"","_EventDateTimeSeparator":"","_EventTimeRangeSeparator":"","_EventOrganizerID":[],"_EventVenueID":[],"_OrganizerEmail":"","_OrganizerPhone":"","_OrganizerWebsite":"","_VenueAddress":"","_VenueCity":"","_VenueCountry":"","_VenueProvince":"","_VenueState":"","_VenueZip":"","_VenuePhone":"","_VenueURL":"","_VenueStateProvince":"","_VenueLat":"","_VenueLng":"","_VenueShowMap":false,"_VenueShowMapLink":false,"footnotes":""},"class_list":["post-76","page","type-page","status-publish","hentry"],"_links":{"self":[{"href":"https:\/\/ecolieu-art-terre.fr\/index.php\/wp-json\/wp\/v2\/pages\/76","targetHints":{"allow":["GET"]}}],"collection":[{"href":"https:\/\/ecolieu-art-terre.fr\/index.php\/wp-json\/wp\/v2\/pages"}],"about":[{"href":"https:\/\/ecolieu-art-terre.fr\/index.php\/wp-json\/wp\/v2\/types\/page"}],"author":[{"embeddable":true,"href":"https:\/\/ecolieu-art-terre.fr\/index.php\/wp-json\/wp\/v2\/users\/1"}],"replies":[{"embeddable":true,"href":"https:\/\/ecolieu-art-terre.fr\/index.php\/wp-json\/wp\/v2\/comments?post=76"}],"version-history":[{"count":2,"href":"https:\/\/ecolieu-art-terre.fr\/index.php\/wp-json\/wp\/v2\/pages\/76\/revisions"}],"predecessor-version":[{"id":95,"href":"https:\/\/ecolieu-art-terre.fr\/index.php\/wp-json\/wp\/v2\/pages\/76\/revisions\/95"}],"wp:attachment":[{"href":"https:\/\/ecolieu-art-terre.fr\/index.php\/wp-json\/wp\/v2\/media?parent=76"}],"curies":[{"name":"wp","href":"https:\/\/api.w.org\/{rel}","templated":true}]}}